{"version":"1.0","provider_name":"Jog\u00c1sz","provider_url":"https:\/\/jogasz.cafeblog.hu","author_name":"Zsuzsa Sandor","author_url":"https:\/\/jogasz.cafeblog.hu\/author\/zsubircsi\/","title":"F\u00e9nyev\u0151k","html":"<!--[if gte mso 9]&gt;   Normal  0      21      false  false  false    HU  X-NONE  X-NONE                                       MicrosoftInternetExplorer4                                     &lt;![endif]--><br \/><!--[if gte mso 9]&gt;                                                                                                                                                                                                                                                                                    &lt;![endif]--><!--[if gte mso 10]&gt;&lt;![endif]--> <br \/><div><b><span>K\u00fcl\u00f6n\u00f6s kegyetlens\u00e9ggel<\/span><\/b><\/div><div><br \/><\/div><div><span style=\"background: white\">Egy m\u00e1sf\u00e9l \u00e9ves kisgyermek hal\u00e1la miatt indult nyomoz\u00e1s. Az els\u0151 orvosszak\u00e9rt\u0151i v\u00e9lem\u00e9ny szerint a kisfi\u00fa kr\u00f3nikus alult\u00e1pl\u00e1lts\u00e1gban szenvedett, gyakorlatilag \u00e9hen halt. A sz\u00fcl\u0151k \u00e1ll\u00edt\u00f3lag az\u00e9rt nem adtak enni \u00e9s inni gyermek\u00fcknek, mert abban hittek, hogy el\u00e9g, ha f\u00e9nnyel t\u00e1pl\u00e1lj\u00e1k.&nbsp;<\/span><\/div><table align=\"center\" cellpadding=\"0\" cellspacing=\"0\" style=\"float: left;margin-right: 1em;text-align: left\"><tbody><tr><td style=\"text-align: center\"><a href=\"https:\/\/jogasz.cafeblog.hu\/files\/2013\/04\/F%C3%A9nyev%C5%91-origo.hu_.jpg\" style=\"margin-left: auto;margin-right: auto\"><img border=\"0\" height=\"133\" src=\"https:\/\/jogasz.cafeblog.hu\/files\/2013\/04\/F%C3%A9nyev%C5%91-origo.hu_.jpg\" width=\"200\" \/><\/a><\/td><\/tr><tr><td style=\"text-align: center\"><i>origo.hu<\/i><\/td><\/tr><\/tbody><\/table><div><span style=\"background: white\"><\/span><\/div><div><span style=\"background: white\"><\/span><\/div><div>Mi v\u00e9dhet meg egy kiszolg\u00e1ltatott gyermeket a saj\u00e1t sz\u00fcl\u0151j\u00e9vel szemben? Az els\u0151, a gyermekek \u00e9let\u00e9nek v\u00e9delm\u00e9r\u0151l sz\u00f3l\u00f3 t\u00f6rv\u00e9nyt a XIX. sz\u00e1zad v\u00e9g\u00e9n, Angli\u00e1ban fogadt\u00e1k el. <span>Az\u00f3ta j\u00f3csk\u00e1n finomodott a jogi szab\u00e1lyoz\u00e1s. A \u201eGyermek Jogair\u00f3l\u201d sz\u00f3l\u00f3 ENSZ Egyezm\u00e9nyt 1989-ben, New Yorkban fogadt\u00e1k el. Ez kiemeli a gyermekek v\u00e9delm\u00e9t az er\u0151szakkal szemben. <\/span>Az ENSZ Eg\u00e9szs\u00e9g\u00fcgyi Vil\u00e1gszervezet\u00e9nek (WHO) defin\u00edci\u00f3ja szerint \u201ea gyermek b\u00e1ntalmaz\u00e1sa \u00e9s elhanyagol\u00e1sa mag\u00e1ban foglalja a fizikai \u00e9s\/vagy \u00e9rzelmi rossz b\u00e1n\u00e1sm\u00f3d\u2026 minden form\u00e1j\u00e1t, mely a gyermek eg\u00e9szs\u00e9g\u00e9nek, t\u00fal\u00e9l\u00e9s\u00e9nek, fejl\u0151d\u00e9s\u00e9nek vagy m\u00e9lt\u00f3s\u00e1g\u00e1nak t\u00e9nyleges vagy potenci\u00e1lis s\u00e9relm\u00e9t eredm\u00e9nyezi\u2026\u201d Ugyanezeket az elveket Magyarorsz\u00e1gon a Gyermekv\u00e9delmi T\u00f6rv\u00e9ny szab\u00e1lyozza.<span><\/span><\/div><div><\/div><div>A fenti alapelvek megs\u00e9rt\u00e9se azonban gyakran t\u00fall\u00e9p azon a hat\u00e1ron, amit a gyermekv\u00e9delem eszk\u00f6zeivel (sz\u00fcl\u0151i fel\u00fcgyelet megsz\u00fcntet\u00e9se, int\u00e9zeti elhelyez\u00e9s, nevel\u0151sz\u00fcl\u0151h\u00f6z ad\u00e1s, stb.) orvosolni lehet. Ilyen esetekben a gyermek s\u00e9relm\u00e9re megval\u00f3s\u00edtott cselekm\u00e9ny m\u00e1r b\u00fcntet\u0151jogi felel\u0151ss\u00e9gre von\u00e1st tesz sz\u00fcks\u00e9gess\u00e9. Az ag\u00e1rdi t\u00f6rt\u00e9net nyilv\u00e1n ez ut\u00f3bbi k\u00f6rbe tartozik. <\/div><div>A B\u00fcntet\u0151 T\u00f6rv\u00e9nyk\u00f6nyv szerint m\u00e1r az is b\u0171ncselekm\u00e9ny, ha az a szem\u00e9ly, aki a kiskor\u00fa nevel\u00e9s\u00e9re, fel\u00fcgyelet\u00e9re, vagy gondoz\u00e1s\u00e1ra k\u00f6teles, e k\u00f6telezetts\u00e9g\u00e9nek megszeg\u00e9s\u00e9vel \u201ecsak\u201d vesz\u00e9lyezteti a kiskor\u00fa testi, \u00e9rtelmi, erk\u00f6lcsi, vagy \u00e9rzelmi fejl\u0151d\u00e9s\u00e9t. A b\u00fcntet\u00e9s ilyenkor 1-5 \u00e9vig terjed\u0151 szabads\u00e1gveszt\u00e9s lehet.   <\/div><div><br \/><\/div><table cellpadding=\"0\" cellspacing=\"0\" style=\"float: right;margin-left: 1em;text-align: right\"><tbody><tr><td style=\"text-align: center\"><a href=\"https:\/\/jogasz.cafeblog.hu\/files\/2013\/04\/kiskor%C3%BA-hir.24.hu_.jpg\" style=\"clear: right;margin-bottom: 1em;margin-left: auto;margin-right: auto\"><img border=\"0\" height=\"133\" src=\"https:\/\/jogasz.cafeblog.hu\/files\/2013\/04\/kiskor%C3%BA-hir.24.hu_.jpg\" width=\"200\" \/><\/a><\/td><\/tr><tr><td style=\"text-align: center\"><i>Hir24.hu<\/i><\/td><\/tr><\/tbody><\/table><div>Enn\u00e9l azonban l\u00e9nyegesen s\u00falyosabb az, amit az ag\u00e1rdi kisfi\u00fa sz\u00fclei k\u00f6vettek el. A gyan\u00fa szerint a meglehet\u0151sen j\u00f3m\u00f3dban \u00e9l\u0151 sz\u00fcl\u0151k tudatosan \u00e9heztett\u00e9k a kisfi\u00fat \u00e9s ez vezetett a gyerek hal\u00e1l\u00e1hoz. Ez pedig, ha val\u00f3ban \u00edgy t\u00f6rt\u00e9nt, ember\u00f6l\u00e9s. Jelentek meg olyan tud\u00f3s\u00edt\u00e1sok is, amelyek szerint a rend\u0151rs\u00e9g gondatlan ember\u00f6l\u00e9s gyan\u00faja miatt nyomoz. \u00c9n e h\u00edr val\u00f3dis\u00e1g\u00e1t er\u0151sen k\u00e9tlem. Eddigi tapasztalataim alapj\u00e1n \u00e1ll\u00edthatom, hogy ilyen esetekben sz\u00e1nd\u00e9kos ember\u00f6l\u00e9s val\u00f3sul meg, m\u00e9g akkor is, ha az elk\u00f6vet\u0151k nem kifejezetten k\u00edv\u00e1nt\u00e1k a gyerek hal\u00e1l\u00e1t. Kiz\u00e1rt, hogy egy sz\u00fcl\u0151, akinek a m\u00e1sf\u00e9l \u00e9ves gyereke n\u00e9gy \u00e9s f\u00e9l kil\u00f3, ne gondolna arra, hogy a ki\u00e9heztetett, csup\u00e1n \u201ef\u00e9nnyel etetett\u201d kisgyerek ebbe belehalhat. M\u00e1r pedig, ha ebbe a lehet\u0151s\u00e9gbe belenyugszik, akkor mulaszt\u00e1sa sz\u00e1nd\u00e9kos ember\u00f6l\u00e9snek min\u0151s\u00fcl. M\u00e9ghozz\u00e1 nem is ak\u00e1rmilyennek. Az \u00e9heztet\u00e9s \u2013 b\u00e1rmi is legyen annak \u201eideol\u00f3gi\u00e1ja\u201d \u2013 l\u00e9nyegesen meghaladja az ember\u00f6l\u00e9ssel \u00e1ltal\u00e1ban egy\u00fctt j\u00e1r\u00f3 szenved\u00e9st. Ez pedig azt jelenti, hogy az \u00f6l\u00e9st k\u00fcl\u00f6n\u00f6s kegyetlens\u00e9ggel k\u00f6vett\u00e9k el. Emellett s\u00falyosabban min\u0151s\u00fcl az emberi \u00e9let kiolt\u00e1sa akkor is, ha azt tizennegyedik \u00e9let\u00e9v\u00e9t be nem t\u00f6lt\u00f6tt szem\u00e9ly s\u00e9relm\u00e9re val\u00f3s\u00edtj\u00e1k meg. Ezek a min\u0151s\u00edt\u00e9sek k\u00fcl\u00f6n-k\u00fcl\u00f6n is azt eredm\u00e9nyezik, hogy a b\u00fcntet\u00e9s 10-20 \u00e9vig, vagy \u00e9letfogytig tart\u00f3 fegyh\u00e1zb\u00fcntet\u00e9s lehet.<\/div><div><br \/><\/div><table cellpadding=\"0\" cellspacing=\"0\" style=\"float: left;margin-right: 1em;text-align: left\"><tbody><tr><td style=\"text-align: center\"><a href=\"https:\/\/jogasz.cafeblog.hu\/files\/2013\/04\/%C3%A9letfogyt-rtlklub.hu_.jpg\" style=\"clear: left;margin-bottom: 1em;margin-left: auto;margin-right: auto\"><img border=\"0\" height=\"240\" src=\"https:\/\/jogasz.cafeblog.hu\/files\/2013\/04\/%C3%A9letfogyt-rtlklub.hu_.jpg\" width=\"320\" \/><\/a><\/td><\/tr><tr><td style=\"text-align: center\"><i>rtlklub.hu<\/i><\/td><\/tr><\/tbody><\/table><div>Term\u00e9szetesen egy nyomoz\u00e1s kezdeti szakasz\u00e1n nem lehet j\u00f3sl\u00e1sokba bocs\u00e1tkozni. Az elj\u00e1r\u00e1s feladata, hogy minden k\u00f6r\u00fclm\u00e9nyt kider\u00edtsen, az elk\u00f6vet\u0151k elme\u00e1llapot\u00e1nak vizsg\u00e1lat\u00e1t\u00f3l eg\u00e9szen a gyermek hal\u00e1l\u00e1nak ok\u00e1ig, a tett \u00e9s a hal\u00e1l k\u00f6z\u00f6tti okozati \u00f6sszef\u00fcgg\u00e9s tiszt\u00e1z\u00e1s\u00e1ig. <\/div><div><br \/><\/div><div>Sajnos az ag\u00e1rdi eset nem egyed\u00fcl\u00e1ll\u00f3. N\u00e9h\u00e1ny \u00e9vvel ezel\u0151tt 15, illetve 13 \u00e9vet kapott az a h\u00e1zasp\u00e1r, akiknek 13 h\u00f3napos gyereke 4 kil\u00f3san halt \u00e9hen. A b\u00edr\u00f3s\u00e1g a v\u00e1dlottak b\u0171n\u00f6ss\u00e9g\u00e9t <span>14. \u00e9let\u00e9v\u00e9t be nem t\u00f6lt\u00f6tt szem\u00e9ly ellen, k\u00fcl\u00f6n\u00f6s kegyetlens\u00e9ggel elk\u00f6vetett ember\u00f6l\u00e9s b\u0171ntett\u00e9ben mondta ki. <\/span><\/div><div><br \/><\/div><div><span>A gyermekj\u00f3l\u00e9ti szolg\u00e1latokn\u00e1l 2005 \u00e9s 2011 k\u00f6z\u00f6tt 50 ezerr\u0151l mintegy 65 ezerre n\u0151tt a <\/span>csal\u00e1don bel\u00fcli b\u00e1ntalmaz\u00e1s \u00e9s elhanyagol\u00e1s<span> miatti elj\u00e1r\u00e1sok sz\u00e1ma.<\/span> M\u00e9g s<span>zerencse, hogy ilyen v\u00e9gzetes trag\u00e9di\u00e1k enn\u00e9l j\u00f3val ritk\u00e1bban t\u00f6rt\u00e9nnek.<\/span><\/div><div><br \/><\/div>","type":"rich"}