{"version":"1.0","provider_name":"Jog\u00c1sz","provider_url":"https:\/\/jogasz.cafeblog.hu","author_name":"Zsuzsa Sandor","author_url":"https:\/\/jogasz.cafeblog.hu\/author\/zsubircsi\/","title":"\u00cdt\u00e9letnap","html":"<!--[if gte mso 9]&gt;   Normal  0      21      false  false  false    HU  X-NONE  X-NONE                                       MicrosoftInternetExplorer4                                     &lt;![endif]--><br \/><!--[if gte mso 9]&gt;                                                                                                                                                                                                                                                                                    &lt;![endif]--><!--[if gte mso 10]&gt;&lt;![endif]--> <br \/><div><br \/><\/div><div><b><span><br \/><\/span><\/b><\/div><div><a href=\"https:\/\/jogasz.cafeblog.hu\/\"><b><span>\u201eB\u0151r\u00fck sz\u00edne volt a b\u0171n\u00fck\u201d<\/span><\/b><\/a><\/div><table cellpadding=\"0\" cellspacing=\"0\" style=\"float: left;margin-right: 1em;text-align: left\"><tbody><tr><td style=\"text-align: center\"><a href=\"https:\/\/jogasz.cafeblog.hu\/files\/2013\/08\/68091_boruk_volt_a_bunuk_kulka13.jpg\" style=\"clear: left;margin-bottom: 1em;margin-left: auto;margin-right: auto\"><img border=\"0\" src=\"https:\/\/jogasz.cafeblog.hu\/files\/2013\/08\/68091_boruk_volt_a_bunuk_kulka13.jpg\" \/><\/a><\/td><\/tr><tr><td style=\"text-align: center\">mandiner.hu<\/td><\/tr><\/tbody><\/table><div><b><span><\/span><\/b><\/div><div><span>2013. augusztus 6-\u00e1n megsz\u00fcletett az els\u0151fok\u00fa \u00edt\u00e9let a romagyilkosok \u00fcgy\u00e9ben. \u00d6t \u00e9vvel az ut\u00e1n, hogy ennek a sorozatnak az els\u0151 b\u0171ntett\u00e9t elk\u00f6vett\u00e9k. A Budapest K\u00f6rny\u00e9ki T\u00f6rv\u00e9nysz\u00e9k a n\u00e9gy v\u00e1dlott k\u00f6z\u00fcl h\u00e1rmat t\u00e9nyleges \u00e9letfogytig tart\u00f3, m\u00edg a negyediket 13 \u00e9vi fegyh\u00e1zb\u00fcntet\u00e9sre \u00edt\u00e9lte. Cselekm\u00e9ny\u00fcket a b\u00edr\u00f3s\u00e1g b\u0171nszervezetben, aljas indokb\u00f3l, t\u00f6bb emberen, el\u0151re kitervelten, k\u00fcl\u00f6n\u00f6s kegyetlens\u00e9ggel, r\u00e9szben 14. \u00e9let\u00e9v\u00e9t be nem t\u00f6lt\u00f6tt szem\u00e9ly s\u00e9relm\u00e9re elk\u00f6vetett ember\u00f6l\u00e9snek min\u0151s\u00edtette. E \u201emin\u0151s\u00edt\u0151 k\u00f6r\u00fclm\u00e9nyek\u201d k\u00f6z\u00fcl m\u00e1r egy is elegend\u0151 ahhoz, hogy az \u00e9letfogytig tart\u00f3 szabads\u00e1gveszt\u00e9st ki lehessen szabni.<\/span><\/div><div><span>A b\u00edr\u00f3s\u00e1g az \u00edt\u00e9letnek m\u00e9g csak az \u00fagynevezett rendelkez\u0151 r\u00e9sz\u00e9t hirdette ki, amikor a t\u00e1rgyal\u00f3termen \u00e9s az \u00e9p\u00fcleten k\u00edv\u00fcl tart\u00f3zkod\u00f3k skand\u00e1lni kezdt\u00e9k, hogy a 13 \u00e9v kev\u00e9s, \u00e9s hogy a b\u00edr\u00f3 mondja ki a rasszista ind\u00edt\u00e9kot. Nem tudt\u00e1k, akkor m\u00e9g nem is tudhatt\u00e1k, hogy ez ut\u00f3bbi k\u00f6vetel\u00e9s\u00fck m\u00e1r teljes\u00fclt. <\/span><\/div>&nbsp;<div><span>A Btk. nyelvezete m\u00e1s, mint a k\u00f6znyelv. N\u00e9ha tal\u00e1n szeg\u00e9nyesebb, m\u00e1skor viszont pontosabb. A t\u00f6rv\u00e9ny \u201ealjas indoknak\u201d def\u00edni\u00e1l minden olyan mot\u00edvumot, vagy c\u00e9lt, <\/span>mely s\u00falyosan s\u00e9rti az emberi tisztess\u00e9get \u00e9s az \u00e1ltal\u00e1nos erk\u00f6lcsi szab\u00e1lyokat, valamint a tettes lelki romlotts\u00e1g\u00e1nak m\u00e9lys\u00e9g\u00e9re enged k\u00f6vetkeztetni. Tipikusan ilyen p\u00e9d\u00e1ul a bossz\u00fa, a szexu\u00e1lis ind\u00edt\u00e9k, vagy a rasszista mot\u00edvum. Az aljas indok fogalm\u00e1ba oly sok minden belef\u00e9r, hogy a pontosabb k\u00f6r\u00fcl\u00edr\u00e1s hiba lenne. Az m\u00e1r ebb\u0151l a felsorol\u00e1sb\u00f3l is egy\u00e9rtelm\u0171, hogy aki m\u00e1sokat a \u201eb\u0151r\u00fck sz\u00edne\u201d miatt \u00f6l meg, annak tett\u00e9t aljas indok, ez esetben a rasszizmus motiv\u00e1lja. A b\u00edr\u00f3 azonban az \u00edt\u00e9let \u201erendelkez\u0151 r\u00e9sz\u00e9ben\u201d kiz\u00e1r\u00f3lag a t\u00f6rv\u00e9nyben le\u00edrt fogalmakat haszn\u00e1lhatja. Csak az \u00edt\u00e9let indokol\u00e1s\u00e1ban mondhatja el hogy az adott \u00fcgyben mit tekintett aljas indoknak. \u00c9s ezt el is mondta.<\/div><table align=\"center\" cellpadding=\"0\" cellspacing=\"0\" style=\"margin-left: auto;margin-right: auto;text-align: center\"><tbody><tr><td style=\"text-align: center\"><a href=\"https:\/\/jogasz.cafeblog.hu\/files\/2013\/08\/4610432_a4fcfb10987f1017f7c30662155c2142_wm12.jpg\" style=\"margin-left: auto;margin-right: auto\"><img border=\"0\" height=\"213\" src=\"https:\/\/jogasz.cafeblog.hu\/files\/2013\/08\/4610432_a4fcfb10987f1017f7c30662155c2142_wm12.jpg\" width=\"320\" \/><\/a><\/td><\/tr><tr><td style=\"text-align: center\"><i>index.hu<\/i><\/td><\/tr><\/tbody><\/table><div><br \/><\/div><div>Neh\u00e9z meg\u00edt\u00e9lni, vajon a negyedrend\u0171 v\u00e1dlottra kiszabott 13 \u00e9v t\u00e9nyleg kev\u00e9s-e, vagy \u00e9ppen elegend\u0151. K\u00e9ts\u00e9gtelen, \u0151 \u201ecsak\u201d az utols\u00f3 k\u00e9t cselekm\u00e9nyben vett r\u00e9szt, azokban is b\u0171nseg\u00e9dk\u00e9nt. \u0150 volt az egyetlen, aki beismer\u0151 vallom\u00e1st tett. Mindez enyh\u00edt\u0151 k\u00f6r\u00fclm\u00e9ny. De azt se feledj\u00fck, hogy a b\u00edr\u00f3s\u00e1g meg\u00e1llap\u00edtotta: a v\u00e1dlottak b\u0171nszervezetben k\u00f6vett\u00e9k el aljas tetteiket. Emiatt a negyedrend\u0171 v\u00e1dlott sem bocs\u00e1that\u00f3 felt\u00e9teles szabads\u00e1gra, teljes eg\u00e9sz\u00e9ben le kell t\u00f6ltenie a 13 \u00e9v fegyh\u00e1zb\u00fcntet\u00e9st. A fegyh\u00e1z a szabads\u00e1gveszt\u00e9s v\u00e9grehajt\u00e1s\u00e1nak legs\u00falyosabb m\u00f3dja. Az el\u00edt\u00e9lt \u00e1lland\u00f3 ir\u00e1ny\u00edt\u00e1s \u00e9s szoros ellen\u0151rz\u00e9s alatt \u00e1ll. A b\u00f6rt\u00f6n\u00f6n bel\u00fcl is csak enged\u00e9llyel \u00e9s fel\u00fcgyelet mellett mozoghat, k\u00fcl\u00f6nleges biztons\u00e1g\u00fa z\u00e1rk\u00e1j\u00e1t egy\u00e9bk\u00e9nt \u00e1lland\u00f3an z\u00e1rva tartj\u00e1k. <\/div><br \/><div><\/div>A romagyilkoss\u00e1gok \u00edt\u00e9let\u00e9r\u0151l a n\u00e9met \u00e9s az osztr\u00e1k sajt\u00f3 is besz\u00e1molt, tov\u00e1bb\u00e1 az Amnesty International Eur\u00f3pai program igazgat\u00f3-helyettese is kifejtette v\u00e9lem\u00e9ny\u00e9t. Mik\u00f6zben pozit\u00edvan \u00e9rt\u00e9kelik az \u00edt\u00e9letet, ak\u00f6zben nem hallgatj\u00e1k el a Magyarorsz\u00e1ggal, a magyar hat\u00f3s\u00e1gokkal \u00e9s a magyar korm\u00e1nnyal szembeni kritik\u00e1jukat sem: <span>\"A hat\u00f3s\u00e1gok m\u00e9g mindig nem reag\u00e1lnak megfelel\u0151en a rom\u00e1kat \u00e9rt er\u0151szakra\". \u201eSok k\u00e9rd\u00e9s megv\u00e1laszolatlanul maradt, mindenekel\u0151tt az, hogy Magyarorsz\u00e1g val\u00f3ban az \u00e1ldozatok oldal\u00e1n \u00e1ll-e.\u201d \u201eA korm\u00e1ny romapolitik\u00e1ja eddig alig hozott sikert, a n\u00e1ci p\u00e1rt Jobbik f\u00e9lkatonai g\u00e1rd\u00e1j\u00e1t pedig betiltott\u00e1k ugyan, de m\u00e9gis zavartalanul mas\u00edrozik tov\u00e1bb\".\u201d \u201eA<\/span><b><span> <\/span><\/b><span>Jobbikot a rom\u00e1k elleni agresszivit\u00e1s seg\u00edtette a parlamentbe, de a romaellenes politik\u00e1ban sokhely\u00fctt a Fidesz is r\u00e9szt vesz. \u00cdgy t\u00f6rt\u00e9nt ez \u00d3zdon, ahol egy rom\u00e1k lakta negyedben, a rekken\u0151 h\u0151s\u00e9g ellen\u00e9re elz\u00e1rt\u00e1k a v\u00edzet.\u201d<\/span> <br \/><div><br \/><\/div><div>Ez h\u00e1t h\u00edr\u00fcnk a vil\u00e1gban. Sz\u00e9gyellnival\u00f3 m\u00e9g akkor is, ha most egy val\u00f3ban p\u00e9ld\u00e1s \u00edt\u00e9let sz\u00fcletett. Mint ahogyan sz\u00e9gyellni val\u00f3 az is, hogy a korm\u00e1ny nev\u00e9ben egyed\u00fcl az emberi er\u0151forr\u00e1sok minisztere sz\u00f3lalt meg. Hallgat Orb\u00e1n Viktor, hallgat \u00c1der J\u00e1nos. \u00dagy t\u0171nik, nekik nincs mondanival\u00f3juk.<\/div><div><br \/><\/div><table cellpadding=\"0\" cellspacing=\"0\" style=\"float: left;margin-right: 1em;text-align: left\"><tbody><tr><td style=\"text-align: center\"><a href=\"https:\/\/jogasz.cafeblog.hu\/files\/2013\/08\/orbc3a1n-viktor-32.jpg\" style=\"clear: left;margin-bottom: 1em;margin-left: auto;margin-right: auto\"><img border=\"0\" height=\"200\" src=\"https:\/\/jogasz.cafeblog.hu\/files\/2013\/08\/orbc3a1n-viktor-32.jpg\" width=\"141\" \/><\/a><\/td><\/tr><tr><td style=\"text-align: center\">internetfigyelo.wordpress.com<\/td><\/tr><\/tbody><\/table><div>&nbsp;&nbsp;&nbsp;&nbsp;&nbsp; <\/div><table cellpadding=\"0\" cellspacing=\"0\" style=\"height: 237px;margin-left: auto;margin-right: auto;text-align: center;width: 162px\"><tbody><tr><td style=\"text-align: center\"><a href=\"https:\/\/jogasz.cafeblog.hu\/files\/2013\/08\/ader7.jpg\" style=\"clear: right;margin-bottom: 1em;margin-left: auto;margin-right: auto\"><img border=\"0\" height=\"200\" src=\"https:\/\/jogasz.cafeblog.hu\/files\/2013\/08\/ader7.jpg\" width=\"134\" \/><\/a><\/td><\/tr><tr><td style=\"text-align: center\">kolozsvaros.ro<\/td><td style=\"text-align: center\">&nbsp;<\/td><td style=\"text-align: center\">&nbsp;<\/td><td style=\"text-align: center\">&nbsp;<\/td><td style=\"text-align: center\">&nbsp;<\/td><td style=\"text-align: center\">&nbsp;<\/td><\/tr><\/tbody><\/table>","type":"rich"}