{"version":"1.0","provider_name":"Jog\u00c1sz","provider_url":"https:\/\/jogasz.cafeblog.hu","author_name":"Zsuzsa Sandor","author_url":"https:\/\/jogasz.cafeblog.hu\/author\/zsubircsi\/","title":"Mire sz\u00e1m\u00edthatunk?","html":"<p style=\"text-align: justify\">\u00dagy gondolom, t\u00e1j\u00e9koz\u00f3dni csak \u201etiszta forr\u00e1sb\u00f3l\u201d szabad. Hov\u00e1 is fordulhatn\u00e1nk hiteles inform\u00e1ci\u00f3\u00e9rt, ha nem a Fidesz-korm\u00e1nyhoz?<\/p>\r\n<p style=\"text-align: justify\">Janu\u00e1r 1-j\u00e9t\u0151l tov\u00e1bb cs\u00f6kken a kiskereset\u0171 csal\u00e1dok ad\u00f3ja. Azok a sz\u00fcl\u0151k, akik eddig nem tudt\u00e1k ig\u00e9nybe venni a csal\u00e1di ad\u00f3kedvezm\u00e9ny teljes \u00f6sszeg\u00e9t, az eg\u00e9szs\u00e9gbiztos\u00edt\u00e1si \u00e9s a nyugd\u00edjj\u00e1rul\u00e9kb\u00f3l is \u00e9rv\u00e9nyes\u00edthetik ad\u00f3kedvezm\u00e9ny\u00fcket. Ez igaz is, meg sz\u00e9p is, eg\u00e9szen addig, am\u00edg nem n\u00e9zz\u00fck meg a t\u00e9nyleges sz\u00e1mokat. De mi megn\u00e9zz\u00fck. Ha egy h\u00e1romgyerekes csal\u00e1dban a k\u00e9t sz\u00fcl\u0151 egy\u00fcttes j\u00f6vedelme 100 ezer Ft, akkor az \u00faj rendelkez\u00e9snek k\u00f6sz\u00f6nhet\u0151en hatalmas \u00f6sszeg, nett\u00f3 98.500 Ft marad a csal\u00e1dn\u00e1l. Ebb\u0151l az \u00f6sszegb\u0151l \u00f6t ember igaz\u00e1n fejedelmi m\u00f3don meg\u00e9lhet, majdnem 20 ezer forint jut minden csal\u00e1dtagra. Na, j\u00f3, ha kapnak m\u00e9g egy\u00e9b juttat\u00e1sokat is, el\u00e9rhetik ak\u00e1r a 47 ezer Ft-ot, amib\u00f3l, mint tudjuk, vez\u00e9reink szerint m\u00e1r meg lehet \u00e9lni.<\/p>\r\n\r\n\r\n[caption id=\"\" align=\"aligncenter\" width=\"380\"]<img class=\"    \" alt=\"Meg lehet \u00e9lni 47 ezer forintb\u00f3l\" src=\"https:\/\/jogasz.cafeblog.hu\/files\/2014\/01\/47ezer16.jpg\" width=\"380\" height=\"206\" \/> K\u00e9p: agybaj.com[\/caption]\r\n<p style=\"text-align: justify\">Az is j\u00f3 h\u00edr, hogy 2014 lesz az els\u0151 \u00e9v, amikor az eddigi rezsics\u00f6kkent\u00e9sek hat\u00e1sa egy teljes \u00e9ven \u00e1t \u00e9rz\u00e9kelhet\u0151 lesz.<\/p>\r\n<p style=\"text-align: justify\">Azt azonban tudni kell, hogy nincsen \u201eingyeneb\u00e9d\u201d. M\u00e1sutt fizettetik meg vel\u00fcnk a m\u00e1r eml\u00edtett kedvezm\u00e9nyeket. Azt m\u00e9g eg\u00e9sz j\u00f3l elviselj\u00fck, hogy ha net\u00e1n nyerem\u00e9nybet\u00e9t\u00fcnkre t\u00e1rgynyerem\u00e9nyt sorsoln\u00e1nak ki, annak ad\u00f3alapja 1,28-szorosa lesz a megnyert t\u00e1rgy szok\u00e1sos piaci \u00e9rt\u00e9k\u00e9nek. Vagyis ha nyer\u00fcnk egy 1000 Ft-ot \u00e9r\u0151 l\u00e1bost, 1280 Ft ut\u00e1n fizet\u00fcnk ad\u00f3t \u00e9s tov\u00e1bbi 6 %-os eg\u00e9szs\u00e9g\u00fcgyi hozz\u00e1j\u00e1rul\u00e1st. Enn\u00e9l k\u00ednosabb, hogy amennyiben megsz\u0171nik a munkaviszonyunk, az elsz\u00e1mol\u00e1skor kapott j\u00f6vedelm\u00fcnk ut\u00e1n a szok\u00e1sos ad\u00f3kon fel\u00fcl tov\u00e1bbi 14 %-os szoci\u00e1lis hozz\u00e1j\u00e1rul\u00e1si ad\u00f3t is kell fizetn\u00fcnk. Igaz, az eddigi, kiugr\u00f3an magas v\u00e9gkiel\u00e9g\u00edt\u00e9sek ut\u00e1ni 98 %-os k\u00fcl\u00f6nad\u00f3t \u2013 strasbourgi nyom\u00e1sra \u2013 75 %-ra m\u00e9rs\u00e9kelt\u00e9k.<\/p>\r\n\r\n\r\n[caption id=\"\" align=\"alignleft\" width=\"336\"]<img class=\" \" alt=\"K\u00fcl\u00f6nad\u00f3\" src=\"https:\/\/jogasz.cafeblog.hu\/files\/2014\/01\/L\u00e1z\u00e1r-k\u00fcl\u00f6nad\u00f314.jpg\" width=\"336\" height=\"224\" \/> K\u00e9p: m.cdn.blog.hu\/orulunkvincent[\/caption]\r\n<p style=\"text-align: justify\"><\/p>\r\n<p style=\"text-align: justify\">Azt javaslom az ad\u00f3kedvezm\u00e9nyben r\u00e9szes\u00fcl\u0151 kiskereset\u0171 csal\u00e1doknak, hogy v\u00e9letlen\u00fcl se az olcs\u00f3bb, 8 sz\u00e1zal\u00e9kos cukortartalm\u00fa, illetve 25 %-n\u00e1l alacsonyabb gy\u00fcm\u00f6lcs-, vagy z\u00f6lds\u00e9gtartalm\u00fa sz\u00f6rp\u00f6ket vegy\u00e9k meg sr\u00e1caiknak, mert ezek ad\u00f3ja janu\u00e1rt\u00f3l literenk\u00e9nt 200 Ft lesz.<\/p>\r\n<p style=\"text-align: justify\">A v\u00e1llalkoz\u00f3k, c\u00e9gek pedig \u00f3vakodjanak att\u00f3l, hogy ingatlanukat b\u00e9rbeadj\u00e1k, mert az abb\u00f3l sz\u00e1rmaz\u00f3 j\u00f6vedelm\u00fck ut\u00e1n befizetend\u0151 14 %-os eg\u00e9szs\u00e9g\u00fcgyi hozz\u00e1j\u00e1rul\u00e1st nem sz\u00e1molhatj\u00e1k el k\u00f6lts\u00e9gk\u00e9nt.<\/p>\r\n<p style=\"text-align: justify\">Nem meglep\u0151, hogy a p\u00e9nzint\u00e9zetek eddigi k\u00fcl\u00f6nad\u00f3j\u00e1t 2014-ben sem vezetik ki. Emellett azonban az id\u00e9n \u2013 bizonyos felt\u00e9telek eset\u00e9n \u2013 tov\u00e1bbi, egyszeri k\u00fcl\u00f6nad\u00f3k\u00e9nt, \u00fagynevezett hitelint\u00e9zeti hozz\u00e1j\u00e1rul\u00e1st is kell fizetni\u00fck, akkor is, ha a t\u00e1rsas\u00e1g vesztes\u00e9ges.<\/p>\r\nBiztat\u00e1sk\u00e9nt csak annyit: a Fidesz munkacsoportja m\u00e1r dolgozik a harmadik rezsics\u00f6kkent\u00e9sen.\r\n<p style=\"text-align: justify\">De ne csak a piszkos anyagiakkal foglalkozzunk. \u00d6r\u00fclj\u00fcnk ink\u00e1bb annak, hogy gyerekeink, unok\u00e1ink mostant\u00f3l egyforma sz\u00e9kl\u00e1bakat fognak faragni, mint Michelangelo az Ember trag\u00e9di\u00e1j\u00e1nak falanszter jelenet\u00e9ben. Ezt eredm\u00e9nyezik a janu\u00e1r 1-j\u00e9n hat\u00e1lyba l\u00e9p\u0151 v\u00e1ltoz\u00e1sok. Jogi \u00e9rtelemben ugyanis megsz\u0171nik a piaci elvekre \u00e9p\u00fcl\u0151 tank\u00f6nyvell\u00e1t\u00e1s. Az iskol\u00e1k a f\u0151 szab\u00e1ly szerint \u00e9vfolyamonk\u00e9nt \u00e9s tant\u00e1rgyank\u00e9nt k\u00e9t, azaz kett\u0151 tank\u00f6nyvb\u0151l v\u00e1laszthatnak. A tank\u00f6nyvv\u00e1laszt\u00e1s pedig a fenntart\u00f3 egyet\u00e9rt\u00e9s\u00e9hez k\u00f6t\u00f6tt.\u00a0Lesz itt rend \u00e9s sok kockafej\u0171 gyerek.<\/p>\r\n\r\n\r\n[caption id=\"\" align=\"aligncenter\" width=\"309\"]<img class=\" \" alt=\"Falanszter\" src=\"https:\/\/jogasz.cafeblog.hu\/files\/2014\/01\/13038712.jpg\" width=\"309\" height=\"206\" \/> Fot\u00f3: www.wssz.hu[\/caption]\r\n<p style=\"text-align: justify\">Ne feledkezz\u00fcnk meg azonban az \u00e9let fontosabb ter\u00fcletein ny\u00fajtott k\u00f6nny\u00edt\u00e9sekr\u0151l sem! Ez ut\u00e1n a l\u00e1tv\u00e1ny-szeszf\u0151zd\u00e9kben is ad\u00f3mentesen lehet p\u00e1link\u00e1t \u00e9rt\u00e9kes\u00edteni, mi t\u00f6bb j\u00e1rul\u00e9kmentes a tudom\u00e1nyos \u00e9s oktat\u00e1si c\u00e9lra el\u0151\u00e1ll\u00edtott alkohol is. A tank\u00f6nyv-sz\u0171k\u00e9t az\u00e9rt egy kis p\u00e1linka csak kompenz\u00e1lja! Doh\u00e1nyozni persze tov\u00e1bbra is vesz\u00e9lyes, k\u00fcl\u00f6n\u00f6sen, ha valaki a cigaretta k\u00e9zi t\u00f6lt\u00e9s\u00e9re szolg\u00e1l\u00f3 elektromos berendez\u00e9st akarna ig\u00e9nybe venni. Az ilyen szersz\u00e1mot mostant\u00f3l csakis ad\u00f3rakt\u00e1r r\u00e9sz\u00e9re szabad \u00e9rt\u00e9kes\u00edteni.<\/p>\r\n<p style=\"text-align: justify\">Janu\u00e1rt\u00f3l n\u00e9vtelen\u00fcl is lehet k\u00f6z\u00e9rdek\u0171 bejelent\u00e9st tenni az ombudsmann\u00e1l. Szeg\u00e9ny Horv\u00e1th Andr\u00e1s ezt megv\u00e1rhatta volna!<\/p>\r\n\r\n\r\n[caption id=\"\" align=\"alignright\" width=\"222\"]<img class=\"   \" alt=\"Horv\u00e1th Andr\u00e1s NAV\" src=\"https:\/\/jogasz.cafeblog.hu\/files\/2014\/01\/1100010.jpg\" width=\"222\" height=\"148\" \/> Fot\u00f3: ATV.hu[\/caption]\r\n<p style=\"text-align: justify\"><\/p>\r\n<p style=\"text-align: justify\">\u00c9s m\u00e9g sz\u00f3t sem ejtettem kedvenc t\u00f6rv\u00e9nyemr\u0151l: v\u00e9gre hat\u00e1lyba l\u00e9pnek a szoci\u00e1lis temet\u00e9sr\u0151l sz\u00f3l\u00f3 rendelkez\u00e9sek. Ha magad ki\u00e1sod elhunyt hozz\u00e1tartoz\u00f3d s\u00edrhely\u00e9t \u2013 persze csak az erre kijel\u00f6lt parcell\u00e1ban \u2013 akkor ingyen kaphatsz az \u00e1llamt\u00f3l kopors\u00f3t, k\u00f6telet, \u00e1s\u00f3t, fejf\u00e1t. Az csak kicsit f\u00e1raszt\u00f3, hogy gyalogosan kell cipelned szeg\u00e9ny elhunyt kopors\u00f3j\u00e1t, mert a temet\u0151n bel\u00fcl g\u00e9pj\u00e1rm\u0171vet nem haszn\u00e1lhatsz. Ha megszeged a szab\u00e1lyokat, a hagyat\u00e9kodb\u00f3l levonj\u00e1k a temet\u00e9s k\u00f6lts\u00e9geit. Igaz, ha lenne hagyat\u00e9kod, nem r\u00e9szes\u00fclhetn\u00e9l a szoci\u00e1lis temet\u00e9s kegyes adom\u00e1ny\u00e1ban.<\/p>\r\n\r\n\r\n[caption id=\"\" align=\"alignleft\" width=\"318\"]<img class=\"     \" alt=\"Szoci\u00e1lis temet\u00e9s\" src=\"https:\/\/jogasz.cafeblog.hu\/files\/2014\/01\/964891_346471275476310_1157004322_o7.jpg\" width=\"318\" height=\"174\" \/> K\u00e9p: valakiblogja.wordpress.com[\/caption]\r\n<p style=\"text-align: justify\"><\/p>\r\n<p style=\"text-align: justify\">Sz\u00e9gyenszemre b\u00fcntet\u0151jog\u00e1sz l\u00e9temre \u00e9pp a Btk. v\u00e1ltoz\u00e1saira nem jutott hely \u00e9s id\u0151. Egyel\u0151re err\u0151l csak annyit: a v\u00e1ltoz\u00e1s kifejez\u00e9s a Btk. eset\u00e9ben ugyanolyan eufemisztikus sz\u00f3haszn\u00e1lat, mint az \u201e\u00e1tkosban\u201d volt az \u201e\u00e1rv\u00e1ltoz\u00e1s\u00e9\u201d. Ahogy az \u00e1rv\u00e1ltoz\u00e1s mindig <b>\u00e1remel\u00e9st <\/b>jelentett, \u00fagy a mai Btk.-ban minden m\u00f3dos\u00edt\u00e1s <b>szigor\u00edt\u00e1st<\/b> eredm\u00e9nyez.<\/p>\r\n<p style=\"text-align: justify\">Boldog \u00daj \u00c9vet K\u00edv\u00e1nok!<\/p>\r\n&nbsp;","type":"rich"}