{"version":"1.0","provider_name":"Jog\u00c1sz","provider_url":"https:\/\/jogasz.cafeblog.hu","author_name":"Zsuzsa Sandor","author_url":"https:\/\/jogasz.cafeblog.hu\/author\/zsubircsi\/","title":"Holtodiglan","html":"<p style=\"text-align: justify\">Milyen kellemes cseng\u00e9se van e sz\u00f3nak egy esk\u00fcv\u0151n. \u00c9s milyen rettenetes, amikor azt jelenti: \u00e9letfogytig tart\u00f3 szabads\u00e1gveszt\u00e9s. Vagyis hal\u00e1lod napj\u00e1ig bez\u00e1rva maradsz, t\u00f6rt\u00e9nj\u00e9k b\u00e1rmi is.<\/p>\r\n\r\n\r\n[caption id=\"attachment_5271\" align=\"alignright\" width=\"250\"]<a href=\"https:\/\/jogasz.cafeblog.hu\/files\/2014\/11\/\u00e9letfogyt-hvg.hu_.jpg\"><img class=\"wp-image-5271 \" src=\"https:\/\/jogasz.cafeblog.hu\/files\/2014\/11\/\u00e9letfogyt-hvg.hu_-300x199.jpg\" alt=\"T\u00e9nyleges \u00e9letfogytiglan\" width=\"250\" height=\"166\" \/><\/a> K\u00e9p: hvg.hu[\/caption]\r\n\r\n<a href=\"https:\/\/jogasz.cafeblog.hu\/files\/2014\/11\/esk\u00fcv\u0151-luxus-cars.webnode.hu_.jpg\"><img class=\" wp-image-5270\" src=\"https:\/\/jogasz.cafeblog.hu\/files\/2014\/11\/esk\u00fcv\u0151-luxus-cars.webnode.hu_-300x187.jpg\" alt=\"esk\u00fcv\u0151\" width=\"252\" height=\"157\" \/><\/a>\r\n\r\nK\u00e9p: luxus-cars.webnode.hu\r\n\r\n&nbsp;\r\n<p style=\"text-align: justify\">A magyar b\u00fcntet\u0151jog egyre szigorodik. 1996-ig a b\u00edr\u00f3s\u00e1g 20 \u00e9v eltelt\u00e9vel d\u00f6nthetett az \u00e9letfogytiglanra \u00edt\u00e9lt felt\u00e9teles szabads\u00e1g\u00e1r\u00f3l. A k\u00f6vetkez\u0151 n\u00e9gy \u00e9vben 15 \u00e9s 25 \u00e9v k\u00f6z\u00f6tt szabhatt\u00e1k meg a legkor\u00e1bbi id\u0151pontot. 2013-ig ez az id\u0151 20, vagy 30 \u00e9v volt, \u00e9s megjelent a \u201eT\u00c9SZ\u201d, ami a szakmai zsargonban a t\u00e9nyleges \u00e9letfogytiglani szabads\u00e1gveszt\u00e9st jelenti. 2013 \u00f3ta pedig 25 \u00e9s 40 \u00e9v k\u00f6z\u00f6tti id\u0151nek kell eltelnie, mire d\u00f6nteni lehet a felt\u00e9telesre bocs\u00e1t\u00e1sr\u00f3l, \u00e9s maradt a T\u00c9SZ is.<\/p>\r\n<p style=\"text-align: justify\">A Fideszes k\u00e9tharmad\u00fa parlament 2011-ben m\u00e9g az Alapt\u00f6rv\u00e9nybe is bele\u00edrta a t\u00e9nyleges \u00e9letfogytig tart\u00f3 szabads\u00e1gveszt\u00e9st. R\u00e1ad\u00e1sul k\u00f6zvetlen\u00fcl a \u201ek\u00ednz\u00e1s, embertelen, megal\u00e1z\u00f3 b\u00e1n\u00e1sm\u00f3d, vagy b\u00fcntet\u00e9s\u201d tilalm\u00e1t tartalmaz\u00f3 cikkely ut\u00e1n. Igaz, a strasbourgi b\u00edr\u00f3s\u00e1g akkor m\u00e9g nem fejtette ki, hogy a t\u00e9nyleges \u00e9letfogytiglan embertelen b\u00fcntet\u00e9snek sz\u00e1m\u00edt, ha az \u00e1llam nem teremti meg a k\u00e9s\u0151bbi fel\u00fclvizsg\u00e1lat lehet\u0151s\u00e9g\u00e9t. De az Emberi Jogok Eur\u00f3pai B\u00edr\u00f3s\u00e1ga 2013-ban m\u00e1r Angli\u00e1val, id\u00e9n tavasszal pedig Magyarorsz\u00e1ggal szemben hozott ilyen tartalm\u00fa \u00edt\u00e9letet.<\/p>\r\n\r\n\r\n[caption id=\"attachment_5272\" align=\"alignleft\" width=\"200\"]<a href=\"https:\/\/jogasz.cafeblog.hu\/files\/2014\/11\/strasbourg-mno.hu_.jpg\"><img class=\" wp-image-5272\" src=\"https:\/\/jogasz.cafeblog.hu\/files\/2014\/11\/strasbourg-mno.hu_-300x209.jpg\" alt=\"Emberi Jogok Eur\u00f3pai B\u00edr\u00f3s\u00e1ga\" width=\"200\" height=\"139\" \/><\/a> Emberi Jogok Eur\u00f3pai B\u00edr\u00f3s\u00e1ga<br \/>K\u00e9p: mno.hu[\/caption]\r\n<p style=\"text-align: justify\"><\/p>\r\n<p style=\"text-align: justify\">Ez vezetett oda, hogy Tr\u00f3cs\u00e1nyi L\u00e1szl\u00f3 igazs\u00e1g\u00fcgy-miniszter a napokban a parlament el\u00e9 terjesztette javaslat\u00e1t: a T\u00c9SZ fel\u00fclvizsg\u00e1lhat\u00f3, de csak 40 \u00e9v eltelt\u00e9vel. Az el\u0151terjeszt\u00e9s szerint egy \u00f6ttag\u00fa, k\u00fariai \u00e9s t\u00e1blab\u00edr\u00e1kb\u00f3l \u00e1ll\u00f3 \u201eKegyelmi Bizotts\u00e1g\u201d tesz javaslatot az igazs\u00e1g\u00fcgyi miniszteren kereszt\u00fcl a k\u00f6zt\u00e1rsas\u00e1gi eln\u00f6knek. Ha az eln\u00f6k nem ad kegyelmet, az elj\u00e1r\u00e1st k\u00e9t\u00e9vente meg kell ism\u00e9telni.<\/p>\r\n<p style=\"text-align: justify\">Az id\u0151sebbek bizony\u00e1ra eml\u00e9keznek m\u00e9g Kunos P\u00e9ter \u00fcgy\u00e9re. \u00c9ppen a napokban van 16 \u00e9ve annak, hogy az Agrobank akkori eln\u00f6ke megkezdte b\u00f6rt\u00f6nb\u00fcntet\u00e9s\u00e9t, az ut\u00e1n, hogy G\u00f6ncz \u00c1rp\u00e1d k\u00f6zt\u00e1rsas\u00e1gi eln\u00f6kt\u0151l kegyelmet kapott, de azt D\u00e1vid Ibolya, akkori igazs\u00e1g\u00fcgyminiszter nem ellenjegyezte.<\/p>\r\n\r\n\r\n[caption id=\"attachment_5274\" align=\"alignright\" width=\"257\"]<a href=\"https:\/\/jogasz.cafeblog.hu\/files\/2014\/11\/D\u00e1vid-velvet.hu_.jpg\"><img class=\" wp-image-5274\" src=\"https:\/\/jogasz.cafeblog.hu\/files\/2014\/11\/D\u00e1vid-velvet.hu_-300x200.jpg\" alt=\"D\u00e1vid Ibolya Fot\u00f3: velvet.hu\" width=\"257\" height=\"171\" \/><\/a> D\u00e1vid Ibolya<br \/>Fot\u00f3: velvet.hu[\/caption]\r\n\r\n<a href=\"https:\/\/jogasz.cafeblog.hu\/files\/2014\/11\/goncz-index.hu_.jpg\"><img class=\" wp-image-5275\" src=\"https:\/\/jogasz.cafeblog.hu\/files\/2014\/11\/goncz-index.hu_-300x203.jpg\" alt=\"G\u00f6ncz \u00c1rp\u00e1d Fot\u00f3: index.hu\" width=\"266\" height=\"180\" \/><\/a>\r\n\r\nG\u00f6ncz \u00c1rp\u00e1d\r\nFot\u00f3: index.hu\r\n\r\n&nbsp;\r\n<p style=\"text-align: justify\">Ha csup\u00e1n erre az egy esetre gondolunk, a Tr\u00f3cs\u00e1nyi f\u00e9le el\u0151terjeszt\u00e9s m\u00e1r akkor sem t\u0171nik megnyugtat\u00f3nak. De m\u00e1s \u00e9rv is sz\u00f3l ellene. Hiszen most sem der\u00fcl ki, hogy a k\u00f6zt\u00e1rsas\u00e1gi eln\u00f6k milyen szempontok alapj\u00e1n d\u00f6nt egy-egy javaslatr\u00f3l! Az \u0151 kegyelmez\u00e9si joga ugyanis teljesen szuver\u00e9n, azt m\u00e9g indokolnia sem kell. B\u00edr\u00f3k\u00e9nt magam is l\u00e1ttam ilyen d\u00f6nt\u00e9st, amely mind\u00f6ssze k\u00e9t sorb\u00f3l \u00e1llt: \u201eK\u00e9rem, t\u00e1j\u00e9koztassa az el\u00edt\u00e9ltet, hogy kegyelmi k\u00e9relm\u00e9t a k\u00f6zt\u00e1rsas\u00e1gi eln\u00f6k elutas\u00edtotta. Al\u00e1\u00edr\u00e1s: K\u00f6zt\u00e1rsas\u00e1gi Eln\u00f6ki Hivatal\u201d<\/p>\r\n<p style=\"text-align: justify\">J\u00f3l tudom, sokan vallj\u00e1k, hogy a leggyal\u00e1zatosabb, legs\u00falyosabb b\u0171n\u00f6k elk\u00f6vet\u0151i soha ne szabaduljanak ki. Erre, pontosabban a \u201enemzeti konzult\u00e1ci\u00f3\u201d 90 %-os t\u00f6bbs\u00e9g\u00e9re hivatkozott Orb\u00e1n Viktor is 2011-ben, amikor alapt\u00f6rv\u00e9nybe iktatt\u00e1k a t\u00e9nyleges \u00e9letfogytiglant. Persze ezen az alapon a hal\u00e1lb\u00fcntet\u00e9st is vissza\u00e1ll\u00edthatn\u00e1k, hisz annak is sz\u00e1mos h\u00edve van.<\/p>\r\n<p style=\"text-align: justify\">A strasbourgi b\u00edr\u00f3s\u00e1g nem mag\u00e1t a t\u00e9nyleges \u00e9letfogytiglant tekinti emberi jogot s\u00e9rt\u0151 b\u00fcntet\u00e9snek. Csup\u00e1n azt mondta ki, hogy az akkor v\u00e1lik embertelenn\u00e9, ha ut\u00f3bb sem lehet soha fel\u00fclvizsg\u00e1lni. Az persze k\u00e9rd\u00e9s, hogy vajon a minim\u00e1lisan let\u00f6ltend\u0151 40 \u00e9v biztos\u00edtja-e a Tr\u00f3cs\u00e1nyi \u00e1ltal emlegetett \u201erem\u00e9nyhez val\u00f3 jogot\u201d.<\/p>\r\n\r\n\r\n[caption id=\"attachment_5276\" align=\"aligncenter\" width=\"221\"]<a href=\"https:\/\/jogasz.cafeblog.hu\/files\/2014\/11\/Tr\u00f3cs\u00e1nyi-hirado.hu_.jpg\"><img class=\"wp-image-5276\" src=\"https:\/\/jogasz.cafeblog.hu\/files\/2014\/11\/Tr\u00f3cs\u00e1nyi-hirado.hu_-300x168.jpg\" alt=\"Tr\u00f3cs\u00e1nyi L\u00e1szl\u00f3\" width=\"221\" height=\"124\" \/><\/a> Tr\u00f3cs\u00e1nyi L\u00e1szl\u00f3<br \/> K\u00e9p: hirado.hu[\/caption]\r\n<p style=\"text-align: justify\"><strong>\u201eA b\u00edr\u00e1k ker\u00fclj\u00e9k a bossz\u00fat \u00e9s a populista b\u00fcntet\u0151jogi int\u00e9zked\u00e9seket\u201d- mondta a napokban Ferenc p\u00e1pa. Nagy k\u00e1r, hogy a mi t\u00f6rv\u00e9nyalkot\u00f3inkra nem gondolt.<\/strong><\/p>\r\n\r\n\r\n[caption id=\"attachment_5277\" align=\"aligncenter\" width=\"348\"]<a href=\"https:\/\/jogasz.cafeblog.hu\/files\/2014\/11\/Ferencp\u00e1pa-bonumtv.hu_.jpg\"><img class=\" wp-image-5277\" src=\"https:\/\/jogasz.cafeblog.hu\/files\/2014\/11\/Ferencp\u00e1pa-bonumtv.hu_-300x169.jpg\" alt=\"Ferenc p\u00e1pa\" width=\"348\" height=\"196\" \/><\/a> Ferenc p\u00e1pa<br \/>Fot\u00f3: bonumtv.hu[\/caption]\r\n\r\n&nbsp;\r\n\r\n&nbsp;\r\n\r\n&nbsp;\r\n\r\n&nbsp;\r\n\r\n,","type":"rich"}