{"version":"1.0","provider_name":"Jog\u00c1sz","provider_url":"https:\/\/jogasz.cafeblog.hu","author_name":"Zsuzsa Sandor","author_url":"https:\/\/jogasz.cafeblog.hu\/author\/zsubircsi\/","title":"Vagyonosodgatunk?","html":"<p style=\"text-align: justify\">Soha nem gondoltam volna, hogy egyszer Bencsik G\u00e1bort, a Magyar Kr\u00f3nika f\u0151szerkeszt\u0151j\u00e9t fogom id\u00e9zni: \u201eNem az\u00e9rt ment\u00fcnk ki a B\u00e9kemenetekre, nem az\u00e9rt szervezt\u00fcnk polg\u00e1ri k\u00f6r\u00f6ket, nem az\u00e9rt \u00e1lltunk ki mellettetek minden f\u00f3rumon, hogy ti meggazdagodjatok. Nem az a baj, hogy palira vesztek minket, hanem az, hogy az eg\u00e9sz nagy terv elbukhat a moh\u00f3s\u00e1gotokon.\u201d<\/p>\r\n&nbsp;\r\n\r\n[caption id=\"attachment_5353\" align=\"aligncenter\" width=\"300\"]<a href=\"https:\/\/jogasz.cafeblog.hu\/files\/2014\/12\/Magyar-kronika-444.hu_.png\"><img class=\"size-medium wp-image-5353\" src=\"https:\/\/jogasz.cafeblog.hu\/files\/2014\/12\/Magyar-kronika-444.hu_-300x170.png\" alt=\"Nem kapkodnak a Magyar Kr\u00f3nik\u00e1\u00e9rt\" width=\"300\" height=\"170\" \/><\/a> K\u00e9p: 444.hu[\/caption]\r\n<p style=\"text-align: justify\">Hogy mi a \u201enagy terv\u201d, azt ne feszegess\u00fck. Ink\u00e1bb besz\u00e9lj\u00fcnk arr\u00f3l, mi v\u00e1ltotta ki egy igazh\u00edv\u0151 fideszes csal\u00f3d\u00e1s\u00e1t. Ugyanaz, mint a t\u00f6bbiek\u00e9t, akik egyre kev\u00e9sb\u00e9 toler\u00e1lj\u00e1k a Fidesz politikusait. \u00c9s nem csak az \u00e1ltaluk l\u00e9trehozott autokratikus \u00e1llamberendezked\u00e9s, a demokr\u00e1cia megcs\u00fafol\u00e1sa, a botr\u00e1nyos k\u00fclpolitika, a hazudoz\u00e1s \u00e9s a korrupci\u00f3 miatt, hanem m\u00e9rhetetlen moh\u00f3s\u00e1guk\u00e9rt is.<\/p>\r\n\r\n\r\n[caption id=\"attachment_5354\" align=\"aligncenter\" width=\"281\"]<a href=\"https:\/\/jogasz.cafeblog.hu\/files\/2014\/12\/Korrupci\u00f3-230.atlatszo.hu_.jpg\"><img class=\"wp-image-5354\" src=\"https:\/\/jogasz.cafeblog.hu\/files\/2014\/12\/Korrupci\u00f3-230.atlatszo.hu_-300x269.jpg\" alt=\"Korrupci\u00f3\" width=\"281\" height=\"252\" \/><\/a> K\u00e9p: atlatszo.hu[\/caption]\r\n\r\n&nbsp;\r\n<p style=\"text-align: justify\">Imm\u00e1r h\u00e1rom \u00e9vvel ezel\u0151tt megtudtuk, hogy L\u00e1z\u00e1r J\u00e1nos kisfia \u201ej\u00f3 parti\u201d lesz a \u201eh\u00f3dmez\u0151v\u00e1s\u00e1rhelyi l\u00e1nyos anyuk\u00e1k\u201d nagyobb \u00f6r\u00f6m\u00e9re. Ezt nem is k\u00e9tlem, hiszen egy 10 \u00e9ves kisfi\u00fa egy 60-70 milli\u00f3 forintot \u00e9r\u0151 sv\u00e1bhegyi lak\u00e1ssal, egy 17-20 milli\u00f3 Ft \u00e9rt\u00e9k\u0171 Tokaj-hegyaljai sz\u0151l\u0151vel \u00e9s egy sv\u00e1jci frank bet\u00e9ttel val\u00f3ban nem rossz parti.<\/p>\r\n&nbsp;\r\n\r\n[caption id=\"attachment_5355\" align=\"alignleft\" width=\"271\"]<a href=\"https:\/\/jogasz.cafeblog.hu\/files\/2014\/12\/L\u00e1z\u00e1r-p\u00e9nze-www.dumaujvaros.hu_.jpg\"><img class=\"wp-image-5355\" src=\"https:\/\/jogasz.cafeblog.hu\/files\/2014\/12\/L\u00e1z\u00e1r-p\u00e9nze-www.dumaujvaros.hu_.jpg\" alt=\"L\u00e1z\u00e1r kisfi\u00e1nak p\u00e9nze\" width=\"271\" height=\"204\" \/><\/a> K\u00e9p: dumaujvaros.hu[\/caption]\r\n\r\n&nbsp;\r\n<p style=\"text-align: justify\"><\/p>\r\n<p style=\"text-align: justify\">A k\u00e9pvisel\u0151k csal\u00e1dj\u00e1nak vagyonnyilatkozat\u00e1t eddig is k\u00f6telez\u0151 volt beadni, de - a t\u00f6rv\u00e9nyalkot\u00e1s nagyobb dics\u0151s\u00e9g\u00e9re \u2013 azt sem r\u00e9gen, sem most nem kellett nyilv\u00e1noss\u00e1gra hozni. L\u00e1z\u00e1r m\u00e1r r\u00e9g megb\u00e1nta, hogy \u201ea transzparencia \u00e9rdek\u00e9ben\u201d kor\u00e1bban nyilv\u00e1noss\u00e1gra hozta feles\u00e9ge \u00e9s kisfia vagyonnyilatkozat\u00e1t is. Nem el\u00e9g szeg\u00e9ny fej\u00e9nek, hogy az \u00e1llamk\u00f6lts\u00e9gen tett 2 milli\u00f3s utaz\u00e1sai, a hercegek \u00e9s gr\u00f3fok t\u00e1rsas\u00e1g\u00e1ban l\u0151tt 913 f\u00e1c\u00e1n, meg a szint\u00e9n csek\u00e9ly 1-2 milli\u00f3t \u00e9r\u0151 Rolex Bubbleback \u00f3r\u00e1ja miatt piszk\u00e1lj\u00e1k?<\/p>\r\n<p style=\"text-align: justify\"><\/p>\r\n<p style=\"text-align: justify\"><\/p>\r\n&nbsp;\r\n\r\n[caption id=\"attachment_5356\" align=\"alignleft\" width=\"283\"]<a href=\"https:\/\/jogasz.cafeblog.hu\/files\/2014\/12\/Rolex-index.hu_.jpg\"><img class=\" wp-image-5356\" src=\"https:\/\/jogasz.cafeblog.hu\/files\/2014\/12\/Rolex-index.hu_-300x191.jpg\" alt=\"   A Rolex Bubbleback         Fot\u00f3: index.hu\" width=\"283\" height=\"180\" \/><\/a> A Rolex Bubbleback<br \/>Fot\u00f3: index.hu[\/caption]\r\n\r\n&nbsp;\r\n\r\n[caption id=\"attachment_5357\" align=\"alignright\" width=\"284\"]<a href=\"https:\/\/jogasz.cafeblog.hu\/files\/2014\/12\/l\u00e1z\u00e1r_f\u00e1c\u00e1n-atlatszo.hu_.jpg\"><img class=\"wp-image-5357 \" src=\"https:\/\/jogasz.cafeblog.hu\/files\/2014\/12\/l\u00e1z\u00e1r_f\u00e1c\u00e1n-atlatszo.hu_-300x211.jpg\" alt=\"L\u00e1z\u00e1r milli\u00f3s vad\u00e1szata\" width=\"284\" height=\"200\" \/><\/a> \u00dari-muri[\/caption]\r\n\r\n&nbsp;\r\n\r\n&nbsp;\r\n\r\n&nbsp;\r\n<p style=\"text-align: justify\">M\u00e1r mindenki elfelejtette, hogy a Minisztereln\u00f6ks\u00e9get vezet\u0151 miniszternek milyen el\u00e9v\u00fclhetetlen \u00e9rdemei vannak? \u0150 terjesztette be \u2013 az az\u00f3ta m\u00e1r elbukott \u2013 98 sz\u00e1zal\u00e9kos k\u00fcl\u00f6nad\u00f3r\u00f3l, az Alkotm\u00e1nyb\u00edr\u00f3s\u00e1g hat\u00e1sk\u00f6r\u00e9nek csorb\u00edt\u00e1s\u00e1r\u00f3l \u00e9s a mag\u00e1n-nyugd\u00edjp\u00e9nzt\u00e1ri befizet\u00e9sek elvon\u00e1s\u00e1r\u00f3l sz\u00f3l\u00f3 ind\u00edtv\u00e1nyokat. H\u00e1t nem \u00e9rdemli meg, hogy egy par\u00e1nyival jobban \u00e9ljen, mint m\u00e1sok?<\/p>\r\n<p style=\"text-align: justify\"><\/p>\r\n\r\n\r\n[caption id=\"attachment_5358\" align=\"aligncenter\" width=\"300\"]<a href=\"https:\/\/jogasz.cafeblog.hu\/files\/2014\/12\/mag\u00e1nnyugd\u00edj-www.tmkronika.hu_.jpg\"><img class=\"size-medium wp-image-5358\" src=\"https:\/\/jogasz.cafeblog.hu\/files\/2014\/12\/mag\u00e1nnyugd\u00edj-www.tmkronika.hu_-300x164.jpg\" alt=\"Mag\u00e1nnyugd\u00edjp\u00e9nzt\u00e1rak leny\u00fal\u00e1sa\" width=\"300\" height=\"164\" \/><\/a> A mag\u00e1nnyugd\u00edjam<br \/>K\u00e9p: tmkronika.hu[\/caption]\r\n\r\n&nbsp;\r\n<p style=\"text-align: justify\">Az ellenz\u00e9k a csal\u00e1dtagok vagyonnyilatkozat\u00e1t is nyilv\u00e1noss\u00e1 tenn\u00e9, de m\u00e1r a fideszes k\u00e9pvisel\u0151k is agyalnak valamif\u00e9le elfogadhat\u00f3 megold\u00e1son. Papcs\u00e1k k\u00e9pvisel\u0151 szerint a vagyonnyilatkozatot k\u00f6zokiratt\u00e1 kellene tenni, \u00edgy aki azt hamisan t\u00f6lti ki, b\u0171ncselekm\u00e9nyt k\u00f6vet el. L\u00e1tom magam el\u0151tt Polt P\u00e9tert, amint reszketve v\u00e1rja, hogy nyomoztathasson egy b\u0171n\u00f6z\u0151 fideszes ellen.<\/p>\r\n\r\n\r\n[caption id=\"attachment_5359\" align=\"alignleft\" width=\"300\"]<a href=\"https:\/\/jogasz.cafeblog.hu\/files\/2014\/12\/polt_peter_orban_viktor-nemzetihirhalo.hu_.jpg\"><img class=\"size-medium wp-image-5359\" src=\"https:\/\/jogasz.cafeblog.hu\/files\/2014\/12\/polt_peter_orban_viktor-nemzetihirhalo.hu_-300x186.jpg\" alt=\"Polt P\u00e9ter nyomozna a fideszesek ellen\" width=\"300\" height=\"186\" \/><\/a> Hadd nyomozzak m\u00e1r ellenetek!<br \/>Fot\u00f3: nemzetihirhalo.hu[\/caption]\r\n<p style=\"text-align: justify\">M\u00e1r persze csak \u00fagy, ha a Mentelmi bizotts\u00e1g kiadn\u00e1 a gyan\u00fas\u00edtottat. Csak nagyon halkan jegyzem meg, hogy ma is b\u0171ncselekm\u00e9nyt k\u00f6vet el, aki egy val\u00f3tlan tartalm\u00fa mag\u00e1nokiratot haszn\u00e1l fel, vagyis hamis vagyonnyilatkozatot ny\u00fajt be. Ezt mag\u00e1nokirathamis\u00edt\u00e1snak h\u00edvj\u00e1k. Igaz, ez\u00e9rt csak 1 \u00e9vig terjed\u0151 szabads\u00e1gveszt\u00e9s j\u00e1r. Persze ez is csak akkor, ha a Mentelmi bizotts\u00e1g kiadja a gyan\u00fas\u00edtottat.<\/p>\r\n&nbsp;\r\n<p style=\"text-align: justify\">Saj\u00e1t honlapjuk szerint a Mentelmi bizotts\u00e1g a Parlament egyetlen \u00e1lland\u00f3 parit\u00e1sos bizotts\u00e1ga. A bizotts\u00e1g munk\u00e1j\u00e1ban h\u00e1rom ellenz\u00e9ki \u00e9s h\u00e1rom korm\u00e1nyp\u00e1rti k\u00e9pvisel\u0151 vesz r\u00e9szt, a KDNP-s eln\u00f6k mellett k\u00e9t fideszes, k\u00e9t Jobbikos \u00e9s egy MSZP-s \u00e9s tagja van.<\/p>\r\n&nbsp;\r\n<p style=\"text-align: justify\">Csak rajtuk m\u00falik, hogy egy vagyonnyilatkozati elj\u00e1r\u00e1s v\u00e9g\u00e9n az Orsz\u00e1ggy\u0171l\u00e9s tudom\u00e1st szerezhet-e a csal\u00e1dtagok vagyonnyilatkozat\u00e1nak tartalm\u00e1r\u00f3l. A t\u00f6rv\u00e9ny szerint ugyanis a csal\u00e1dtag vagyonnyilatkozat\u00e1t \u0151k \u0151rzik, de a bizotts\u00e1g is csak akkor n\u00e9zhet bele, ha elj\u00e1r\u00e1s indult a k\u00e9pvisel\u0151 ellen. \u00c9s ki d\u00f6nt arr\u00f3l, hogy megindulhat-e ez az elj\u00e1r\u00e1s? Kital\u00e1lt\u00e1k. Maga a mindenhat\u00f3 Mentelmi bizotts\u00e1g.<\/p>\r\n\r\n\r\n[caption id=\"attachment_5360\" align=\"aligncenter\" width=\"300\"]<a href=\"https:\/\/jogasz.cafeblog.hu\/files\/2014\/12\/mentelmi-bizotts\u00e1g-index.hu_.jpg\"><img class=\"size-medium wp-image-5360\" src=\"https:\/\/jogasz.cafeblog.hu\/files\/2014\/12\/mentelmi-bizotts\u00e1g-index.hu_-300x198.jpg\" alt=\"A mindenhat\u00f3 mentelmi bizotts\u00e1g\" width=\"300\" height=\"198\" \/><\/a> Fot\u00f3: index.hu[\/caption]\r\n\r\n&nbsp;","type":"rich","thumbnail_url":"https:\/\/jogasz.cafeblog.hu\/files\/2014\/12\/L\u00e1z\u00e1r-p\u00e9nze-www.dumaujvaros.hu_-150x150.jpg","thumbnail_width":150,"thumbnail_height":150}